{"id":385,"date":"2021-03-02T11:38:50","date_gmt":"2021-03-02T10:38:50","guid":{"rendered":"http:\/\/ilfop.be\/?page_id=385"},"modified":"2023-06-09T11:24:58","modified_gmt":"2023-06-09T09:24:58","slug":"valorisation","status":"publish","type":"page","link":"https:\/\/ilfop.be\/index.php\/valorisation\/","title":{"rendered":"Valorisation"},"content":{"rendered":"\n<p><strong>Qu\u2019est-ce que la Valorisation des acquis (VA) ?<\/strong><br><\/p>\n\n\n\n<div style=\"height:20px\" aria-hidden=\"true\" class=\"wp-block-spacer\"><\/div>\n\n\n\n<p>La VA permet \u00e0 des adultes qui ont le projet de reprendre des \u00e9tudes d\u2019acc\u00e9der, entre autres, \u00e0 l\u2019Enseignement de Promotion Sociale en fluidifiant le parcours d\u2019apprentissage et, le cas \u00e9ch\u00e9ant, en all\u00e9geant la dur\u00e9e des \u00e9tudes.<\/p>\n\n\n\n<p>Il s\u2019agit d\u2019un processus d\u2019\u00e9valuation et de reconnaissance des savoirs et des comp\u00e9tences issues de l\u2019exp\u00e9rience (professionnelle et personnelle) et\/ou de la formation, pour l\u2019acc\u00e8s aux \u00e9tudes ou pour leur sanction.<\/p>\n\n\n\n<p><\/p>\n\n\n\n<div style=\"height:20px\" aria-hidden=\"true\" class=\"wp-block-spacer\"><\/div>\n\n\n\n<p><strong>Qui est concern\u00e9 ?<\/strong><\/p>\n\n\n\n<div style=\"height:20px\" aria-hidden=\"true\" class=\"wp-block-spacer\"><\/div>\n\n\n\n<p>Toutes les personnes (travailleurs, demandeurs d\u2019emploi, \u00e9tudiants, ind\u00e9pendants \u2026) qui souhaitent valoriser l\u2019exp\u00e9rience acquise en vue:<\/p>\n\n\n\n<p>&#8211; D\u2019obtenir un dipl\u00f4me de l\u2019enseignement de promotion sociale.<\/p>\n\n\n\n<p>&#8211; De faciliter leur entr\u00e9e en formation.De raccourcir la dur\u00e9e de leurs \u00e9tudes.<\/p>\n\n\n\n<p><\/p>\n\n\n\n<div style=\"height:20px\" aria-hidden=\"true\" class=\"wp-block-spacer\"><\/div>\n\n\n\n<p><strong>A quoi sert la VA ?<\/strong><\/p>\n\n\n\n<div style=\"height:20px\" aria-hidden=\"true\" class=\"wp-block-spacer\"><\/div>\n\n\n\n<p>&#8211; A l\u2019admission dans une ou plusieurs unit\u00e9s d\u2019enseignement (UE)<\/p>\n\n\n\n<p>&#8211; A l\u2019obtention de dispenses : de cours, de stages.<\/p>\n\n\n\n<p>&#8211; A la sanction ou la valorisation d\u2019une ou plusieurs unit\u00e9s d\u2019enseignement (UE)<\/p>\n\n\n\n<p><\/p>\n\n\n\n<div style=\"height:20px\" aria-hidden=\"true\" class=\"wp-block-spacer\"><\/div>\n\n\n\n<p><strong>Qui d\u00e9cide ?<\/strong><\/p>\n\n\n\n<div style=\"height:20px\" aria-hidden=\"true\" class=\"wp-block-spacer\"><\/div>\n\n\n\n<p>Le Conseil des \u00e9tudes de l\u2019UE, qui r\u00e9unit la direction et le(s) professeur(s) concern\u00e9(s), prend les d\u00e9cisions relatives \u00e0 la VA.<\/p>\n\n\n\n<p>En cas d\u2019absence de titres ou de justificatifs probants ou lorsque le Conseil des \u00e9tudes juge les documents produits insuffisants, il proc\u00e8de \u00e0 un test (pour l\u2019admission dans une UE) ou \u00e0 une \u00e9preuve (pour la dispense ou sanction).<\/p>\n\n\n\n<p>Les proc\u00e9dures d\u2019introduction et de gestion des demandes sont propres \u00e0 l\u2019\u00e9tablissement et figurent dans le R\u00e8glement d\u2019ordre int\u00e9rieur (ROI).<\/p>\n\n\n\n<div style=\"height:20px\" aria-hidden=\"true\" class=\"wp-block-spacer\"><\/div>\n\n\n\n<p><strong>Comment proc\u00e9der?<\/strong><\/p>\n\n\n\n<div style=\"height:20px\" aria-hidden=\"true\" class=\"wp-block-spacer\"><\/div>\n\n\n\n<p>Dans tous les cas, il est n\u00e9cessaire que le candidat \u00e0 la valorisation effectue sa demande au moment de l\u2019inscription aux diff\u00e9rentes unit\u00e9s d\u2019enseignement et pour chacune, <strong>AVANT <\/strong>leur d\u00e9but.<\/p>\n\n\n\n<p>Il est imp\u00e9ratif de compl\u00e9ter un <a href=\"https:\/\/ilfop.be\/wp-content\/uploads\/2021\/02\/Dossier-VA-ILFoP-Sanction.pdf\" target=\"_blank\" rel=\"noreferrer noopener\">dossier de demande de valorisation des acquis.<\/a>&nbsp;<\/p>\n\n\n\n<div style=\"height:20px\" aria-hidden=\"true\" class=\"wp-block-spacer\"><\/div>\n\n\n\n<div class=\"wp-block-image\"><figure class=\"aligncenter\"><img decoding=\"async\" src=\"https:\/\/lh4.googleusercontent.com\/LUzF7kzRln6GQKU0W0n2K306maAS3Jo4oT2QHpTHS2MIudbF17vh9qyPzpyzbHFwKiUSGsPXlUxUHYOkkb5zfwyeXK-XWKIsx56Sd8bhhhgN8poW83oadCA\" alt=\"\"\/><\/figure><\/div>\n\n\n\n<div style=\"height:20px\" aria-hidden=\"true\" class=\"wp-block-spacer\"><\/div>\n\n\n\n<p><strong>Qui dois-je contacter?<\/strong><\/p>\n\n\n\n<div style=\"height:20px\" aria-hidden=\"true\" class=\"wp-block-spacer\"><\/div>\n\n\n\n<p>Madame Alexandra G\u00e9rard &#8211; <a href=\"mailto:alexandra.gerard@ilfop.be\">alexandra.gerard@ilfop.be<\/a>&nbsp;<\/p>\n\n\n\n<div style=\"height:50px\" aria-hidden=\"true\" class=\"wp-block-spacer\"><\/div>\n\n\n\n<div class=\"wp-block-file\"><a id=\"wp-block-file--media-0cc91838-64dd-49c7-a474-873ed030a723\" href=\"http:\/\/ilfop.be\/wp-content\/uploads\/2021\/02\/Dossier-VA-ILFoP-Sanction.pdf\">Dossier Valorisation<\/a><a href=\"http:\/\/ilfop.be\/wp-content\/uploads\/2021\/02\/Dossier-VA-ILFoP-Sanction.pdf\" class=\"wp-block-file__button\" download aria-describedby=\"wp-block-file--media-0cc91838-64dd-49c7-a474-873ed030a723\">T\u00e9l\u00e9charger<\/a><\/div>\n\n\n\n<p><br><\/p>\n","protected":false},"excerpt":{"rendered":"<p>Qu\u2019est-ce que la Valorisation des acquis (VA) ? La VA permet \u00e0 des adultes qui ont le projet de reprendre des \u00e9tudes d\u2019acc\u00e9der, entre autres, \u00e0 l\u2019Enseignement de Promotion Sociale en fluidifiant le parcours d\u2019apprentissage et, le cas \u00e9ch\u00e9ant, en all\u00e9geant la dur\u00e9e des \u00e9tudes. Il s\u2019agit d\u2019un processus d\u2019\u00e9valuation et de reconnaissance des savoirs [&hellip;]<\/p>\n","protected":false},"author":1,"featured_media":0,"parent":0,"menu_order":0,"comment_status":"closed","ping_status":"closed","template":"","meta":{"footnotes":""},"class_list":["post-385","page","type-page","status-publish","hentry"],"_links":{"self":[{"href":"https:\/\/ilfop.be\/index.php\/wp-json\/wp\/v2\/pages\/385","targetHints":{"allow":["GET"]}}],"collection":[{"href":"https:\/\/ilfop.be\/index.php\/wp-json\/wp\/v2\/pages"}],"about":[{"href":"https:\/\/ilfop.be\/index.php\/wp-json\/wp\/v2\/types\/page"}],"author":[{"embeddable":true,"href":"https:\/\/ilfop.be\/index.php\/wp-json\/wp\/v2\/users\/1"}],"replies":[{"embeddable":true,"href":"https:\/\/ilfop.be\/index.php\/wp-json\/wp\/v2\/comments?post=385"}],"version-history":[{"count":25,"href":"https:\/\/ilfop.be\/index.php\/wp-json\/wp\/v2\/pages\/385\/revisions"}],"predecessor-version":[{"id":1369,"href":"https:\/\/ilfop.be\/index.php\/wp-json\/wp\/v2\/pages\/385\/revisions\/1369"}],"wp:attachment":[{"href":"https:\/\/ilfop.be\/index.php\/wp-json\/wp\/v2\/media?parent=385"}],"curies":[{"name":"wp","href":"https:\/\/api.w.org\/{rel}","templated":true}]}}