{"id":851,"date":"2022-03-31T15:21:16","date_gmt":"2022-03-31T13:21:16","guid":{"rendered":"http:\/\/ilfop.be\/?page_id=851"},"modified":"2023-06-09T10:49:25","modified_gmt":"2023-06-09T08:49:25","slug":"plan-daccompagnement","status":"publish","type":"page","link":"https:\/\/ilfop.be\/index.php\/plan-daccompagnement\/","title":{"rendered":"Plan d&#8217;accompagnement"},"content":{"rendered":"\n<p><strong>En quoi consiste le plan d\u2019accompagnement des \u00e9tudiants ?<\/strong><\/p>\n\n\n\n<div style=\"height:20px\" aria-hidden=\"true\" class=\"wp-block-spacer\"><\/div>\n\n\n\n<p>Il s\u2019agit d\u2019un \u00ab processus coordonn\u00e9 des actions de guidance, d\u2019orientation, d\u2019identification et de rem\u00e9diation aux difficult\u00e9s d\u2019apprentissage li\u00e9es aux savoirs, aptitudes et comp\u00e9tences des \u00e9tudiants inscrits dans une ou plusieurs UE \u00bb L\u2019\u00e9tablissement porte une \u00ab attention particuli\u00e8re au suivi des \u00e9tudiants et aux possibilit\u00e9s d\u2019accro\u00eetre la r\u00e9ussite des formations entreprises par des adultes \u00bb. <\/p>\n\n\n\n<p class=\"has-cyan-bluish-gray-color has-text-color\">(d\u00e9cret du 14\/11\/2018).<\/p>\n\n\n\n<div style=\"height:20px\" aria-hidden=\"true\" class=\"wp-block-spacer\"><\/div>\n\n\n\n<p><strong>Et plus concr\u00e8tement au sein de mon \u00e9tablissement ?<\/strong><\/p>\n\n\n\n<div style=\"height:20px\" aria-hidden=\"true\" class=\"wp-block-spacer\"><\/div>\n\n\n\n<p>L\u2019ILFoP a bien conscience que le parcours de chaque \u00e9tudiant est sp\u00e9cifique : chacun dispose de ses exp\u00e9riences propres, ses acquis, ses forces, ses faiblesses, ses fragilit\u00e9s, \u2026 c\u2019est d\u2019ailleurs ces \u00e9l\u00e9ments qui rendent l\u2019enseignement de promotion sociale si riche et dynamique !<\/p>\n\n\n\n<p>D\u00e8s lors, le plan d\u2019accompagnement propose une aide concr\u00e8te \u00e0 l\u2019\u00e9tudiant afin qu\u2019il puisse tout mettre en \u0153uvre pour atteindre la r\u00e9ussite de son cursus. Ce plan est un soutien moral et p\u00e9dagogique pour l\u2019\u00e9tudiant.<\/p>\n\n\n\n<div style=\"height:20px\" aria-hidden=\"true\" class=\"wp-block-spacer\"><\/div>\n\n\n\n<div style=\"height:30px\" aria-hidden=\"true\" class=\"wp-block-spacer\"><\/div>\n\n\n\n<div class=\"wp-block-file\"><a id=\"wp-block-file--media-4a6dcd8b-4402-4fdd-9156-46472625aa08\" href=\"http:\/\/ilfop.be\/wp-content\/uploads\/2021\/10\/Sans-titre-2.pdf\">Plan d&#8217;accompagnement de l&#8217;\u00e9tudiant<\/a><a href=\"http:\/\/ilfop.be\/wp-content\/uploads\/2021\/10\/Sans-titre-2.pdf\" class=\"wp-block-file__button\" download aria-describedby=\"wp-block-file--media-4a6dcd8b-4402-4fdd-9156-46472625aa08\">T\u00e9l\u00e9charger<\/a><\/div>\n\n\n\n<div style=\"height:30px\" aria-hidden=\"true\" class=\"wp-block-spacer\"><\/div>\n\n\n\n<div style=\"height:20px\" aria-hidden=\"true\" class=\"wp-block-spacer\"><\/div>\n\n\n\n<div class=\"wp-block-image\"><figure class=\"aligncenter size-large is-resized\"><img loading=\"lazy\" decoding=\"async\" src=\"http:\/\/ilfop.be\/wp-content\/uploads\/2021\/10\/Suivi-1024x724.jpg\" alt=\"\" class=\"wp-image-661\" width=\"768\" height=\"543\" srcset=\"https:\/\/ilfop.be\/wp-content\/uploads\/2021\/10\/Suivi-1024x724.jpg 1024w, https:\/\/ilfop.be\/wp-content\/uploads\/2021\/10\/Suivi-300x212.jpg 300w, https:\/\/ilfop.be\/wp-content\/uploads\/2021\/10\/Suivi-768x543.jpg 768w, https:\/\/ilfop.be\/wp-content\/uploads\/2021\/10\/Suivi-1536x1086.jpg 1536w, https:\/\/ilfop.be\/wp-content\/uploads\/2021\/10\/Suivi-2048x1448.jpg 2048w\" sizes=\"auto, (max-width: 768px) 100vw, 768px\" \/><\/figure><\/div>\n\n\n\n<p><strong>Qui dois-je contacter?<\/strong><\/p>\n\n\n\n<div style=\"height:20px\" aria-hidden=\"true\" class=\"wp-block-spacer\"><\/div>\n\n\n\n<p>Madame Alexandra G\u00e9rard &#8211; <a href=\"mailto:alexandra.gerard@ilfop.be\">alexandra.gerard@ilfop.be<\/a>\u00a0<\/p>\n","protected":false},"excerpt":{"rendered":"<p>En quoi consiste le plan d\u2019accompagnement des \u00e9tudiants ? Il s\u2019agit d\u2019un \u00ab processus coordonn\u00e9 des actions de guidance, d\u2019orientation, d\u2019identification et de rem\u00e9diation aux difficult\u00e9s d\u2019apprentissage li\u00e9es aux savoirs, aptitudes et comp\u00e9tences des \u00e9tudiants inscrits dans une ou plusieurs UE \u00bb L\u2019\u00e9tablissement porte une \u00ab attention particuli\u00e8re au suivi des \u00e9tudiants et aux possibilit\u00e9s [&hellip;]<\/p>\n","protected":false},"author":1,"featured_media":0,"parent":0,"menu_order":0,"comment_status":"closed","ping_status":"closed","template":"","meta":{"footnotes":""},"class_list":["post-851","page","type-page","status-publish","hentry"],"_links":{"self":[{"href":"https:\/\/ilfop.be\/index.php\/wp-json\/wp\/v2\/pages\/851","targetHints":{"allow":["GET"]}}],"collection":[{"href":"https:\/\/ilfop.be\/index.php\/wp-json\/wp\/v2\/pages"}],"about":[{"href":"https:\/\/ilfop.be\/index.php\/wp-json\/wp\/v2\/types\/page"}],"author":[{"embeddable":true,"href":"https:\/\/ilfop.be\/index.php\/wp-json\/wp\/v2\/users\/1"}],"replies":[{"embeddable":true,"href":"https:\/\/ilfop.be\/index.php\/wp-json\/wp\/v2\/comments?post=851"}],"version-history":[{"count":16,"href":"https:\/\/ilfop.be\/index.php\/wp-json\/wp\/v2\/pages\/851\/revisions"}],"predecessor-version":[{"id":1365,"href":"https:\/\/ilfop.be\/index.php\/wp-json\/wp\/v2\/pages\/851\/revisions\/1365"}],"wp:attachment":[{"href":"https:\/\/ilfop.be\/index.php\/wp-json\/wp\/v2\/media?parent=851"}],"curies":[{"name":"wp","href":"https:\/\/api.w.org\/{rel}","templated":true}]}}